{"id":8748,"date":"2020-01-22T20:45:31","date_gmt":"2020-01-22T18:45:31","guid":{"rendered":"https:\/\/www.jazz.ee\/?page_id=8748"},"modified":"2020-05-17T09:12:18","modified_gmt":"2020-05-17T06:12:18","slug":"spring-program-2020","status":"publish","type":"page","link":"https:\/\/www.jazz.ee\/en\/live-jazz\/spring-program-2020\/","title":{"rendered":"Spring Program 2020"},"content":{"rendered":"<table>\n<tbody>\n<tr>\n<td>\n<h3 class=\"page-title\" style=\"font-size: 24px; margin-bottom: 0;\">January<\/h3>\n<\/td>\n<\/tr>\n<tr>\n<td>10 January<\/td>\n<td>Endla Jazz Club, P\u00e4rnu<\/td>\n<td><strong>Lembe Lokk<\/strong><\/td>\n<td><a href=\"https:\/\/www.facebook.com\/events\/1277803685733735\/\" target=\"_blank\" rel=\"noopener noreferrer\">More information<\/a><\/td>\n<td>Tickets on site<\/td>\n<\/tr>\n<tr>\n<td>17 January<\/td>\n<td>Jazz Club Philly Joe&#8217;s, Tallinn<\/td>\n<td><strong>Lembe Lokk<\/strong><\/td>\n<td><a href=\"https:\/\/www.facebook.com\/events\/2622193901153116\/\">More information<\/a><\/td>\n<td><a href=\"https:\/\/www.ticketer.ee\/jazzee-ja-philly-joes-live-lembe-lokk\/\">Tickets from Ticketer<\/a><\/td>\n<\/tr>\n<tr>\n<td>18 January<\/td>\n<td>Jazz Time Club, Sillam\u00e4e<\/td>\n<td><strong>Elina Hokkanen Band<\/strong><\/td>\n<td><a href=\"https:\/\/www.facebook.com\/events\/2704007816355077\/\" target=\"_blank\" rel=\"noopener noreferrer\">More information<\/a><\/td>\n<td>Tickets on site<\/td>\n<\/tr>\n<tr>\n<td>23 January<\/td>\n<td>T\u00fcri Culture Centre, T\u00fcri<\/td>\n<td><strong>\u00d6\u00f6T\u00f6\u00d6<\/strong><\/td>\n<td><a href=\"https:\/\/www.facebook.com\/events\/465297174340793\/\" target=\"_blank\" rel=\"noopener noreferrer\">More information<\/a><\/td>\n<td>Tickets<\/td>\n<\/tr>\n<tr>\n<td>30 January<\/td>\n<td>Jazzclub WALK, Valga<\/td>\n<td><strong>Brian Melvin Quartet<\/strong><\/td>\n<td><a href=\"https:\/\/www.facebook.com\/events\/2858077147556009\/\" target=\"_blank\" rel=\"noopener noreferrer\">More information<\/a><\/td>\n<td>Tickets<\/td>\n<\/tr>\n<tr>\n<td>31 January<\/td>\n<td>Jazz Club Philly Joe&#8217;s, Tallinn<\/td>\n<td><strong>Brian Melvin Quartet<\/strong><\/td>\n<td><a href=\"https:\/\/www.facebook.com\/events\/2858077147556009\/\" target=\"_blank\" rel=\"noopener noreferrer\">More information<\/a><\/td>\n<td><a href=\"https:\/\/www.ticketer.ee\/jazzee-ja-philly-joes-live-brian-melvin-quartet\/\" target=\"_blank\" rel=\"noopener noreferrer\">Tickets from Ticketer<\/a><\/td>\n<\/tr>\n<tr>\n<td><\/td>\n<\/tr>\n<tr>\n<td>\n<h3 class=\"page-title\" style=\"font-size: 24px; margin-bottom: 0;\">February<\/h3>\n<\/td>\n<\/tr>\n<tr>\n<td>6 February<\/td>\n<td>R\u00fcki Gallery, Viljandi<\/td>\n<td><strong>Brian Melvin Quartet<\/strong><\/td>\n<td><a href=\"https:\/\/www.facebook.com\/events\/474291509961432\/\" target=\"_blank\" rel=\"noopener noreferrer\">More information<\/a><\/td>\n<td><a href=\"https:\/\/www.ticketer.ee\/jazzee-ja-ruki-galerii-live-brian-melvin-quartet\/\" target=\"_blank\" rel=\"noopener noreferrer\">Tickets from Ticketer<\/a><\/td>\n<\/tr>\n<tr>\n<td>7 February<\/td>\n<td>Jazz Club Philly Joe&#8217;s, Tallinn<\/td>\n<td><strong>Kirke Karja Trio<\/strong><\/td>\n<td><a href=\"https:\/\/www.facebook.com\/events\/479388709325803\/\" target=\"_blank\" rel=\"noopener noreferrer\">More information<\/a><\/td>\n<td><a href=\"https:\/\/www.jazz.ee\/8481\/\" target=\"_blank\" rel=\"noopener noreferrer\">Tickets from Ticketer<\/a><\/td>\n<\/tr>\n<tr>\n<td>14 February<\/td>\n<td>V\u00f5ru Jazz Club, V\u00f5ru<\/td>\n<td><strong>Elina Hokkanen Band<\/strong><\/td>\n<td><a href=\"https:\/\/www.facebook.com\/events\/2796567567043097\/\" target=\"_blank\" rel=\"noopener noreferrer\">More information<\/a><\/td>\n<td>Tickets on site<\/td>\n<\/tr>\n<tr>\n<td>21 February<\/td>\n<td>Jazz Club Philly Joe&#8217;s, Tallinn<\/td>\n<td><strong>Raimond M\u00e4gi Trio ft Jana K\u00fctt<\/strong><\/td>\n<td><a href=\"https:\/\/www.facebook.com\/events\/417267935620266\/\" target=\"_blank\" rel=\"noopener noreferrer\">More information<\/a><\/td>\n<td><a href=\"https:\/\/www.ticketer.ee\/jazzee-ja-philly-joes-live-raimond-magi-trio-ft-jana-kutt\/\" target=\"_blank\" rel=\"noopener noreferrer\">Tickets from Ticketer<\/a><\/td>\n<\/tr>\n<tr>\n<td>21 February<\/td>\n<td>Endla Jazz Club, P\u00e4rnu<\/td>\n<td><strong>Laura P\u00f5ldvere and Ivi Rausi &#8220;Ait\u00e4h, Uno Naissoo!&#8221;<\/strong><\/td>\n<td><a href=\"https:\/\/www.facebook.com\/events\/557886908299119\/\" target=\"_blank\" rel=\"noopener noreferrer\">More information<\/a><\/td>\n<td>Tickets on site<\/td>\n<\/tr>\n<tr>\n<td>28 February<\/td>\n<td>Buena Vista Sofa Club, Rakvere<\/td>\n<td><strong>Laura P\u00f5ldvere and Ivi Rausi &#8220;Ait\u00e4h, Uno Naissoo!&#8221;<\/strong><\/td>\n<td><a href=\"https:\/\/www.facebook.com\/events\/2415061661937092\/\" target=\"_blank\" rel=\"noopener noreferrer\">More information<\/a><\/td>\n<td><a href=\"https:\/\/www.piletilevi.ee\/est\/Tickets\/muusika\/parimusmuusika\/aitah-uno-naissoo-ivi-rausi--laura-poldvere-305118\/\" target=\"_blank\" rel=\"noopener noreferrer\">Tickets from Piletilevi<\/a><\/td>\n<\/tr>\n<tr>\n<td><\/td>\n<\/tr>\n<tr>\n<td>\n<h3 class=\"page-title\" style=\"font-size: 24px; margin-bottom: 0;\">March<\/h3>\n<\/td>\n<\/tr>\n<tr>\n<td>4.-8 March<\/td>\n<td>All over Estonia<\/td>\n<td><strong>Tudengijazz\/Student Jazz festival<\/strong><\/td>\n<td><a href=\"http:\/\/www.tudengijazz.ee\">More information<\/a><\/td>\n<td><\/td>\n<\/tr>\n<tr>\n<td>13 March<\/td>\n<td>Jazz Club Philly Joe&#8217;s, Tallinn<\/td>\n<td><strong>Elvus<\/strong><\/td>\n<td><a href=\"https:\/\/www.facebook.com\/events\/2174366202863715\/\" target=\"_blank\" rel=\"noopener noreferrer\">More information<\/a><\/td>\n<td><a href=\"https:\/\/www.ticketer.ee\/jazzee-ja-philly-joes-live-elvus\/\" target=\"_blank\" rel=\"noopener noreferrer\">Tickets from Ticketer<\/a><\/td>\n<td><a href=\"https:\/\/www.jazz.ee\/eesti-jazzliidu-kontsertide-edasine-korraldus-seoses-covid-19-viirusega\/\" target=\"_blank\" rel=\"noopener noreferrer\">CANCELLED<\/a><\/td>\n<\/tr>\n<tr>\n<td>15 March<\/td>\n<td>Haapsalu Jazz Club, Haapsalu<\/td>\n<td><strong>Karmen R\u00f5ivassepp Quartet<\/strong><\/td>\n<td><a href=\"https:\/\/www.facebook.com\/events\/3389176644432784\/\" target=\"_blank\" rel=\"noopener noreferrer\">More information<\/a><\/td>\n<td><a href=\"https:\/\/www.piletilevi.ee\/est\/Tickets\/muusika\/jazz-ja-bluus\/karmen-roivassepp-quartet-eesti-taani-haapsalus-303926\/\" target=\"_blank\" rel=\"noopener noreferrer\">Tickets from Piletilevi<\/a><\/td>\n<td><a href=\"https:\/\/www.jazz.ee\/eesti-jazzliidu-kontsertide-edasine-korraldus-seoses-covid-19-viirusega\/\" target=\"_blank\" rel=\"noopener noreferrer\">CANCELLED<\/a><\/td>\n<\/tr>\n<tr>\n<td>19 March<\/td>\n<td>Jazzclub WALK, Valga<\/td>\n<td><strong>Karmen R\u00f5ivassepp Quartet<\/strong><\/td>\n<td><a href=\"https:\/\/www.facebook.com\/events\/2203485923284551\/\" target=\"_blank\" rel=\"noopener noreferrer\">More information<\/a><\/td>\n<td>Tickets<\/td>\n<td><a href=\"https:\/\/www.jazz.ee\/eesti-jazzliidu-kontsertide-edasine-korraldus-seoses-covid-19-viirusega\/\" target=\"_blank\" rel=\"noopener noreferrer\">CANCELLED<\/a><\/td>\n<\/tr>\n<tr>\n<td>20 March<\/td>\n<td>H\u00f5lm Restaurant, Tartu<\/td>\n<td><strong>Sofia Rubina duo<\/strong><\/td>\n<td>More information<\/td>\n<td>Tickets<\/td>\n<td><a href=\"https:\/\/www.jazz.ee\/eesti-jazzliidu-kontsertide-edasine-korraldus-seoses-covid-19-viirusega\/\" target=\"_blank\" rel=\"noopener noreferrer\">CANCELLED<\/a><\/td>\n<\/tr>\n<tr>\n<td>20 March<\/td>\n<td>V\u00f5ru Jazz Club, V\u00f5ru<\/td>\n<td><strong>Karmen R\u00f5ivassepp Quartet<\/strong><\/td>\n<td><a href=\"https:\/\/www.facebook.com\/events\/550792065721531\/\" target=\"_blank\" rel=\"noopener noreferrer\">More information<\/a><\/td>\n<td>Tickets<\/td>\n<td><a href=\"https:\/\/www.jazz.ee\/eesti-jazzliidu-kontsertide-edasine-korraldus-seoses-covid-19-viirusega\/\" target=\"_blank\" rel=\"noopener noreferrer\">CANCELLED<\/a><\/td>\n<\/tr>\n<tr>\n<td>20 March<\/td>\n<td>Saare KEK, Kuressaare<\/td>\n<td><strong>Kadri Voorand in Duo with Mihkel M\u00e4lgand<\/strong><\/td>\n<td><a href=\"https:\/\/www.facebook.com\/events\/2535593173362282\/\" target=\"_blank\" rel=\"noopener noreferrer\">More information<\/a><\/td>\n<td><a href=\"https:\/\/www.ticketer.ee\/jazzkontsert-kadri-voorand-ja-mihkel-malgand\/\" target=\"_blank\" rel=\"noopener noreferrer\">Tickets from Ticketer<\/a><\/td>\n<td><a href=\"https:\/\/www.jazz.ee\/eesti-jazzliidu-kontsertide-edasine-korraldus-seoses-covid-19-viirusega\/\" target=\"_blank\" rel=\"noopener noreferrer\">CANCELLED<\/a><\/td>\n<\/tr>\n<tr>\n<td>27 March<\/td>\n<td>T\u00fcri Culture Centre, T\u00fcri<\/td>\n<td><strong>Sofia Rubina Duo<\/strong><\/td>\n<td><a href=\"https:\/\/www.facebook.com\/events\/1034980766841707\/\" target=\"_blank\" rel=\"noopener noreferrer\">More information<\/a><\/td>\n<td>Tickets<\/td>\n<td><a href=\"https:\/\/www.jazz.ee\/eesti-jazzliidu-kontsertide-edasine-korraldus-seoses-covid-19-viirusega\/\" target=\"_blank\" rel=\"noopener noreferrer\">CANCELLED<\/a><\/td>\n<\/tr>\n<tr>\n<td>27 March<\/td>\n<td>Jazz Club Philly Joe&#8217;s, Tallinn<\/td>\n<td><strong>Pol Belardi&#8217;s Force (LUX)<\/strong><\/td>\n<td><a href=\"https:\/\/www.facebook.com\/events\/404321857113069\/\" target=\"_blank\" rel=\"noopener noreferrer\">More information<\/a><\/td>\n<td><a href=\"https:\/\/www.ticketer.ee\/jazzee-ja-philly-joes-live-pol-belardis-force\/\" target=\"_blank\" rel=\"noopener noreferrer\">Tickets from Ticketer<\/a><\/td>\n<td><a href=\"https:\/\/www.jazz.ee\/eesti-jazzliidu-kontsertide-edasine-korraldus-seoses-covid-19-viirusega\/\" target=\"_blank\" rel=\"noopener noreferrer\">CANCELLED<\/a><\/td>\n<\/tr>\n<tr>\n<td>28 March<\/td>\n<td>Buena Vista Sofa Club, Rakvere<\/td>\n<td><strong>Pol Belardi&#8217;s Force (LUX)<\/strong><\/td>\n<td><a href=\"https:\/\/www.facebook.com\/events\/1026666731006968\/\" target=\"_blank\" rel=\"noopener noreferrer\">More information<\/a><\/td>\n<td><a href=\"https:\/\/www.piletilevi.ee\/est\/Tickets\/muusika\/parimusmuusika\/pol-belardis-force-lux-305121\/\" target=\"_blank\" rel=\"noopener noreferrer\">Tickets from Piletilevi<\/a><\/td>\n<td><a href=\"https:\/\/www.jazz.ee\/eesti-jazzliidu-kontsertide-edasine-korraldus-seoses-covid-19-viirusega\/\" target=\"_blank\" rel=\"noopener noreferrer\">CANCELLED<\/a><\/td>\n<\/tr>\n<tr>\n<td><\/td>\n<\/tr>\n<tr>\n<td>\n<h3 class=\"page-title\" style=\"font-size: 24px; margin-bottom: 0;\">April<\/h3>\n<\/td>\n<\/tr>\n<tr>\n<td>2 April<\/td>\n<td>Haapsalu Jazz Club, Haapsalu<\/td>\n<td><strong>Morgenthaler-R\u00f6llin-Ruben (SUI\/EST)<\/strong><\/td>\n<td><a href=\"https:\/\/www.facebook.com\/events\/427867238144288\/\" target=\"_blank\" rel=\"noopener noreferrer\">More information<\/a><\/td>\n<td>Tickets<\/td>\n<td><a href=\"https:\/\/www.jazz.ee\/eesti-jazzliidu-kontsertide-edasine-korraldus-seoses-covid-19-viirusega\/\" target=\"_blank\" rel=\"noopener noreferrer\">CANCELLED<\/a><\/td>\n<\/tr>\n<tr>\n<td>3 April<\/td>\n<td>Jazz Club Philly Joe&#8217;s, Tallinn<\/td>\n<td><strong>Morgenthaler-R\u00f6llin-Ruben (SUI\/EST)<\/strong><\/td>\n<td><a href=\"https:\/\/www.facebook.com\/events\/2794031600630605\/\" target=\"_blank\" rel=\"noopener noreferrer\">More information<\/a><\/td>\n<td><a href=\"https:\/\/www.ticketer.ee\/jazzee-ja-philly-joes-live-morgenthaler-rollin-ruben\/\" target=\"_blank\" rel=\"noopener noreferrer\">Tickets from Ticketer<\/a><\/td>\n<td><a href=\"https:\/\/www.jazz.ee\/eesti-jazzliidu-kontsertide-edasine-korraldus-seoses-covid-19-viirusega\/\" target=\"_blank\" rel=\"noopener noreferrer\">CANCELLED<\/a><\/td>\n<\/tr>\n<tr>\n<td>4 April<\/td>\n<td>Jazz Time Club, Sillam\u00e4e<\/td>\n<td><strong>Alfa Collective<\/strong><\/td>\n<td><a href=\"https:\/\/www.facebook.com\/events\/504261536827478\/\" target=\"_blank\" rel=\"noopener noreferrer\">More information<\/a><\/td>\n<td>Tickets<\/td>\n<td><a href=\"https:\/\/www.jazz.ee\/eesti-jazzliidu-kontsertide-edasine-korraldus-seoses-covid-19-viirusega\/\" target=\"_blank\" rel=\"noopener noreferrer\">CANCELLED<\/a><\/td>\n<\/tr>\n<tr>\n<td>11 April<\/td>\n<td>R\u00fcki Gallery, Viljandi<\/td>\n<td><strong>Marianne Leibur Trio<\/strong><\/td>\n<td><a href=\"https:\/\/www.facebook.com\/events\/657890594741044\/\" target=\"_blank\" rel=\"noopener noreferrer\">More information<\/a><\/td>\n<td><a href=\"https:\/\/www.ticketer.ee\/jazzee-ja-ruki-galerii-live-marianne-leibur-trio\/\" target=\"_blank\" rel=\"noopener noreferrer\">Tickets from Ticketer<\/a><\/td>\n<td><a href=\"https:\/\/www.jazz.ee\/eesti-jazzliidu-kontsertide-edasine-korraldus-seoses-covid-19-viirusega\/\" target=\"_blank\" rel=\"noopener noreferrer\">CANCELLED<\/a><\/td>\n<\/tr>\n<tr>\n<td>10 April<\/td>\n<td>Saare KEK, Kuressaare<\/td>\n<td><strong>Kirke Karja Quartet<\/strong><\/td>\n<td><a href=\"https:\/\/www.facebook.com\/events\/547288832751986\/\" target=\"_blank\" rel=\"noopener noreferrer\">More information<\/a><\/td>\n<td><a href=\"https:\/\/www.ticketer.ee\/jazzkontsert-kirke-karja-kvartett\/\" target=\"_blank\" rel=\"noopener noreferrer\">Tickets from Ticketer<\/a><\/td>\n<td><a href=\"https:\/\/www.jazz.ee\/eesti-jazzliidu-kontsertide-edasine-korraldus-seoses-covid-19-viirusega\/\" target=\"_blank\" rel=\"noopener noreferrer\">CANCELLED<\/a><\/td>\n<\/tr>\n<tr>\n<td>10 April<\/td>\n<td>Jazz Club Philly Joe&#8217;s, Tallinn<\/td>\n<td><strong>Marianne Leibur Trio<\/strong><\/td>\n<td><a href=\"https:\/\/www.facebook.com\/events\/2654826261205449\/\" target=\"_blank\" rel=\"noopener noreferrer\">More information<\/a><\/td>\n<td><a href=\"https:\/\/www.ticketer.ee\/jazzee-ja-philly-joes-live-marianne-leibur-trio\/\" target=\"_blank\" rel=\"noopener noreferrer\">Tickets from Ticketer<\/a><\/td>\n<td><a href=\"https:\/\/www.jazz.ee\/eesti-jazzliidu-kontsertide-edasine-korraldus-seoses-covid-19-viirusega\/\" target=\"_blank\" rel=\"noopener noreferrer\">CANCELLED<\/a><\/td>\n<\/tr>\n<tr>\n<td>17 April<\/td>\n<td>Endla Jazz Club, P\u00e4rnu<\/td>\n<td><strong>Elvus<\/strong><\/td>\n<td><a href=\"https:\/\/www.facebook.com\/events\/571950070232617\/\" target=\"_blank\" rel=\"noopener noreferrer\">More information<\/a><\/td>\n<td>Tickets on site<\/td>\n<td><a href=\"https:\/\/www.jazz.ee\/eesti-jazzliidu-kontsertide-edasine-korraldus-seoses-covid-19-viirusega\/\" target=\"_blank\" rel=\"noopener noreferrer\">CANCELLED<\/a><\/td>\n<\/tr>\n<tr>\n<td>18 April<\/td>\n<td>Buena Vista Sofa Club, Rakvere<\/td>\n<td><strong>ValsPetti<\/strong><\/td>\n<td><a href=\"https:\/\/www.facebook.com\/events\/486384678682154\/\">More information<\/a><\/td>\n<td>Tickets from Piletilevi<\/td>\n<td><a href=\"https:\/\/www.jazz.ee\/eesti-jazzliidu-kontsertide-edasine-korraldus-seoses-covid-19-viirusega\/\" target=\"_blank\" rel=\"noopener noreferrer\">CANCELLED<\/a><\/td>\n<\/tr>\n<tr>\n<td>24 April<\/td>\n<td>Jazzclub WALK, Valga<\/td>\n<td><strong>Elina Hokkanen Trio<\/strong><\/td>\n<td><a href=\"https:\/\/www.facebook.com\/events\/549481785639624\/\" target=\"_blank\" rel=\"noopener noreferrer\">More information<\/a><\/td>\n<td>Tickets<\/td>\n<td><a href=\"https:\/\/www.jazz.ee\/eesti-jazzliidu-kontsertide-edasine-korraldus-seoses-covid-19-viirusega\/\" target=\"_blank\" rel=\"noopener noreferrer\">CANCELLED<\/a><\/td>\n<\/tr>\n<tr>\n<td>24 April<\/td>\n<td>T\u00fcri Culture Centre, T\u00fcri<\/td>\n<td><strong>ValsPetti<\/strong><\/td>\n<td><a href=\"https:\/\/www.facebook.com\/events\/454605641894527\/\">More information<\/a><\/td>\n<td>Tickets<\/td>\n<td><a href=\"https:\/\/www.jazz.ee\/eesti-jazzliidu-kontsertide-edasine-korraldus-seoses-covid-19-viirusega\/\" target=\"_blank\" rel=\"noopener noreferrer\">CANCELLED<\/a><\/td>\n<\/tr>\n<tr>\n<td><\/td>\n<\/tr>\n<tr>\n<td>\n<h3 class=\"page-title\" style=\"font-size: 24px; margin-bottom: 0;\">May<\/h3>\n<\/td>\n<\/tr>\n<tr>\n<td>2 May<\/td>\n<td>Saare KEK, Kuressaare<\/td>\n<td><strong>Erki ja Anna P\u00e4rnoja<\/strong><\/td>\n<td><a href=\"https:\/\/www.facebook.com\/events\/475727446373934\/\" target=\"_blank\" rel=\"noopener noreferrer\">More information<\/a><\/td>\n<td><a href=\"https:\/\/www.ticketer.ee\/jazzkontsert-anna-kaneelina-ja-erki-parnoja\/\" target=\"_blank\" rel=\"noopener noreferrer\">Tickets from Ticketer<\/a><\/td>\n<td><a href=\"https:\/\/www.jazz.ee\/eesti-jazzliidu-kontsertide-edasine-korraldus-seoses-covid-19-viirusega\/\" target=\"_blank\" rel=\"noopener noreferrer\">CANCELLED<\/a><\/td>\n<\/tr>\n<tr>\n<td>7 May<\/td>\n<td>R\u00fcki Gallery, Viljandi<\/td>\n<td><strong>Erki ja Anna P\u00e4rnoja<\/strong><\/td>\n<td><a href=\"https:\/\/www.facebook.com\/events\/545535912911369\/\" target=\"_blank\" rel=\"noopener noreferrer\">More information<\/a><\/td>\n<td><a href=\"https:\/\/www.ticketer.ee\/jazzee-ja-ruki-galerii-live-anna-and-erki-parnoja\/\" target=\"_blank\" rel=\"noopener noreferrer\">Tickets from Ticketer<\/a><\/td>\n<td><a href=\"https:\/\/www.jazz.ee\/eesti-jazzliidu-kontsertide-edasine-korraldus-seoses-covid-19-viirusega\/\" target=\"_blank\" rel=\"noopener noreferrer\">CANCELLED<\/a><\/td>\n<\/tr>\n<tr>\n<td>8 May<\/td>\n<td>Endla Jazz Club, P\u00e4rnu<\/td>\n<td><strong>Sofia Rubina Duo<\/strong><\/td>\n<td><a href=\"https:\/\/www.facebook.com\/events\/2943771515656723\/\">More information<\/a><\/td>\n<td>Tickets on site<\/td>\n<td><a href=\"https:\/\/www.jazz.ee\/eesti-jazzliidu-kontsertide-edasine-korraldus-seoses-covid-19-viirusega\/\" target=\"_blank\" rel=\"noopener noreferrer\">CANCELLED<\/a><\/td>\n<\/tr>\n<tr>\n<td>15 May<\/td>\n<td>Jazz Club Philly Joe&#8217;s, Tallinn<\/td>\n<td><strong>Matiss Cudars Trio (LV\/EST)<\/strong><\/td>\n<td><a href=\"https:\/\/www.facebook.com\/events\/769909390138336\/\" target=\"_blank\" rel=\"noopener noreferrer\">More information<\/a><\/td>\n<td><a href=\"https:\/\/www.ticketer.ee\/jazzee-ja-philly-joes-live-matiss-cudars-trio\/\" target=\"_blank\" rel=\"noopener noreferrer\">Tickets from Ticketer<\/a><\/td>\n<td><a href=\"https:\/\/www.jazz.ee\/eesti-jazzliidu-kontsertide-edasine-korraldus-seoses-covid-19-viirusega\/\" target=\"_blank\" rel=\"noopener noreferrer\">CANCELLED<\/a><\/td>\n<\/tr>\n<tr>\n<td>22 May<\/td>\n<td>Jazz Club Philly Joe&#8217;s, Tallinn<\/td>\n<td><strong>Kadi Vija (FI)<\/strong><\/td>\n<td><a href=\"https:\/\/www.facebook.com\/events\/1008534236153259\/\" target=\"_blank\" rel=\"noopener noreferrer\">More information<\/a><\/td>\n<td><a href=\"https:\/\/www.ticketer.ee\/jazzee-ja-philly-joes-live-kadi-vija-key-project\/\" target=\"_blank\" rel=\"noopener noreferrer\">Tickets from Ticketer<\/a><\/td>\n<td><a href=\"https:\/\/www.jazz.ee\/eesti-jazzliidu-kontsertide-edasine-korraldus-seoses-covid-19-viirusega\/\" target=\"_blank\" rel=\"noopener noreferrer\">CANCELLED<\/a><\/td>\n<\/tr>\n<tr>\n<td>22 May<\/td>\n<td>V\u00f5ru Jazz Club, V\u00f5ru<\/td>\n<td><strong>Matiss Cudars Trio (LV\/EST)<\/strong><\/td>\n<td><a href=\"https:\/\/www.facebook.com\/events\/627473634454780\/\" target=\"_blank\" rel=\"noopener noreferrer\">More information<\/a><\/td>\n<td>Tickets on site<\/td>\n<td><a href=\"https:\/\/www.jazz.ee\/eesti-jazzliidu-kontsertide-edasine-korraldus-seoses-covid-19-viirusega\/\" target=\"_blank\" rel=\"noopener noreferrer\">CANCELLED<\/a><\/td>\n<\/tr>\n<tr>\n<td>29 May<\/td>\n<td>Vaba Lava, Tallinn<\/td>\n<td><strong>Closing of Season 16<\/strong><\/td>\n<td>More information<\/td>\n<td>Tickets from Ticketer<\/td>\n<td><a href=\"https:\/\/www.jazz.ee\/eesti-jazzliidu-kontsertide-edasine-korraldus-seoses-covid-19-viirusega\/\" target=\"_blank\" rel=\"noopener noreferrer\">CANCELLED<\/a><\/td>\n<\/tr>\n<\/tbody>\n<\/table>\n<p>&nbsp;<\/p>\n<div style=\"min-width: 400px; margin: 50px 0; clear: both;\">\n<div style=\"float: left; width: 66px;\">[addtoany buttons=&#8221;facebook,email&#8221;]<\/div>\n<div class=\"a2a_kit a2a_kit_size_22 a2a_follow addtoany_list\" style=\"line-height: 22px; float: left;\"><a class=\"a2a_button_instagram\" title=\"Instagram\" href=\"https:\/\/www.instagram.com\/estonianjazz\/\" target=\"_blank\" rel=\"noopener noreferrer\"><span class=\"a2a_label\">Instagram<\/span><\/a><a class=\"a2a_button_youtube\" title=\"YouTube\" href=\"https:\/\/www.youtube.com\/user\/JazzLiit\" target=\"_blank\" rel=\"noopener noreferrer\"><span class=\"a2a_label\">YouTube<\/span><\/a><\/div>\n<\/div>\n","protected":false},"excerpt":{"rendered":"<p>January 10 January Endla Jazz Club, P\u00e4rnu Lembe Lokk More information Tickets on site 17 January Jazz Club Philly Joe&#8217;s, Tallinn Lembe Lokk More information Tickets from Ticketer 18 January Jazz Time Club, Sillam\u00e4e Elina Hokkanen Band More information Tickets on site 23 January T\u00fcri Culture Centre, T\u00fcri \u00d6\u00f6T\u00f6\u00d6 More information Tickets 30 January Jazzclub [&hellip;]<\/p>\n","protected":false},"author":8,"featured_media":0,"parent":4095,"menu_order":0,"comment_status":"closed","ping_status":"closed","template":"template-fullwidth.php","meta":{"_acf_changed":false,"footnotes":""},"class_list":["post-8748","page","type-page","status-publish","hentry"],"acf":[],"yoast_head":"<!-- This site is optimized with the Yoast SEO plugin v27.5 - https:\/\/yoast.com\/product\/yoast-seo-wordpress\/ -->\n<title>Spring Program 2020 - EESTI JAZZLIIT<\/title>\n<meta name=\"robots\" content=\"index, follow, max-snippet:-1, max-image-preview:large, max-video-preview:-1\" \/>\n<link rel=\"canonical\" href=\"https:\/\/www.jazz.ee\/en\/live-jazz\/spring-program-2020\/\" \/>\n<meta property=\"og:locale\" content=\"en_US\" \/>\n<meta property=\"og:type\" content=\"article\" \/>\n<meta property=\"og:title\" content=\"Spring Program 2020 - EESTI JAZZLIIT\" \/>\n<meta property=\"og:description\" content=\"January 10 January Endla Jazz Club, P\u00e4rnu Lembe Lokk More information Tickets on site 17 January Jazz Club Philly Joe&#8217;s, Tallinn Lembe Lokk More information Tickets from Ticketer 18 January Jazz Time Club, Sillam\u00e4e Elina Hokkanen Band More information Tickets on site 23 January T\u00fcri Culture Centre, T\u00fcri \u00d6\u00f6T\u00f6\u00d6 More information Tickets 30 January Jazzclub [&hellip;]\" \/>\n<meta property=\"og:url\" content=\"https:\/\/www.jazz.ee\/en\/live-jazz\/spring-program-2020\/\" \/>\n<meta property=\"og:site_name\" content=\"EESTI JAZZLIIT\" \/>\n<meta property=\"article:publisher\" content=\"https:\/\/www.facebook.com\/eestijazzliit\/\" \/>\n<meta property=\"article:modified_time\" content=\"2020-05-17T06:12:18+00:00\" \/>\n<meta name=\"twitter:card\" content=\"summary_large_image\" \/>\n<meta name=\"twitter:site\" content=\"@EstonianJazz\" \/>\n<meta name=\"twitter:label1\" content=\"Est. reading time\" \/>\n\t<meta name=\"twitter:data1\" content=\"3 minutes\" \/>\n<script type=\"application\/ld+json\" class=\"yoast-schema-graph\">{\"@context\":\"https:\\\/\\\/schema.org\",\"@graph\":[{\"@type\":\"WebPage\",\"@id\":\"https:\\\/\\\/www.jazz.ee\\\/en\\\/live-jazz\\\/spring-program-2020\\\/\",\"url\":\"https:\\\/\\\/www.jazz.ee\\\/en\\\/live-jazz\\\/spring-program-2020\\\/\",\"name\":\"Spring Program 2020 - EESTI JAZZLIIT\",\"isPartOf\":{\"@id\":\"https:\\\/\\\/www.jazz.ee\\\/en\\\/#website\"},\"datePublished\":\"2020-01-22T18:45:31+00:00\",\"dateModified\":\"2020-05-17T06:12:18+00:00\",\"breadcrumb\":{\"@id\":\"https:\\\/\\\/www.jazz.ee\\\/en\\\/live-jazz\\\/spring-program-2020\\\/#breadcrumb\"},\"inLanguage\":\"en-US\",\"potentialAction\":[{\"@type\":\"ReadAction\",\"target\":[\"https:\\\/\\\/www.jazz.ee\\\/en\\\/live-jazz\\\/spring-program-2020\\\/\"]}]},{\"@type\":\"BreadcrumbList\",\"@id\":\"https:\\\/\\\/www.jazz.ee\\\/en\\\/live-jazz\\\/spring-program-2020\\\/#breadcrumb\",\"itemListElement\":[{\"@type\":\"ListItem\",\"position\":1,\"name\":\"Home\",\"item\":\"https:\\\/\\\/www.jazz.ee\\\/en\\\/\"},{\"@type\":\"ListItem\",\"position\":2,\"name\":\"LIVE JAZZ\",\"item\":\"https:\\\/\\\/www.jazz.ee\\\/en\\\/live-jazz\\\/\"},{\"@type\":\"ListItem\",\"position\":3,\"name\":\"Spring Program 2020\"}]},{\"@type\":\"WebSite\",\"@id\":\"https:\\\/\\\/www.jazz.ee\\\/en\\\/#website\",\"url\":\"https:\\\/\\\/www.jazz.ee\\\/en\\\/\",\"name\":\"EESTI JAZZLIIT\",\"description\":\"\",\"publisher\":{\"@id\":\"https:\\\/\\\/www.jazz.ee\\\/en\\\/#organization\"},\"potentialAction\":[{\"@type\":\"SearchAction\",\"target\":{\"@type\":\"EntryPoint\",\"urlTemplate\":\"https:\\\/\\\/www.jazz.ee\\\/en\\\/?s={search_term_string}\"},\"query-input\":{\"@type\":\"PropertyValueSpecification\",\"valueRequired\":true,\"valueName\":\"search_term_string\"}}],\"inLanguage\":\"en-US\"},{\"@type\":\"Organization\",\"@id\":\"https:\\\/\\\/www.jazz.ee\\\/en\\\/#organization\",\"name\":\"EESTI JAZZLIIT\",\"url\":\"https:\\\/\\\/www.jazz.ee\\\/en\\\/\",\"logo\":{\"@type\":\"ImageObject\",\"inLanguage\":\"en-US\",\"@id\":\"https:\\\/\\\/www.jazz.ee\\\/en\\\/#\\\/schema\\\/logo\\\/image\\\/\",\"url\":\"https:\\\/\\\/www.jazz.ee\\\/wp-content\\\/uploads\\\/2023\\\/02\\\/site_logo_est.png\",\"contentUrl\":\"https:\\\/\\\/www.jazz.ee\\\/wp-content\\\/uploads\\\/2023\\\/02\\\/site_logo_est.png\",\"width\":300,\"height\":150,\"caption\":\"EESTI JAZZLIIT\"},\"image\":{\"@id\":\"https:\\\/\\\/www.jazz.ee\\\/en\\\/#\\\/schema\\\/logo\\\/image\\\/\"},\"sameAs\":[\"https:\\\/\\\/www.facebook.com\\\/eestijazzliit\\\/\",\"https:\\\/\\\/x.com\\\/EstonianJazz\",\"https:\\\/\\\/www.instagram.com\\\/estonianjazz\\\/\"]}]}<\/script>\n<!-- \/ Yoast SEO plugin. -->","yoast_head_json":{"title":"Spring Program 2020 - EESTI JAZZLIIT","robots":{"index":"index","follow":"follow","max-snippet":"max-snippet:-1","max-image-preview":"max-image-preview:large","max-video-preview":"max-video-preview:-1"},"canonical":"https:\/\/www.jazz.ee\/en\/live-jazz\/spring-program-2020\/","og_locale":"en_US","og_type":"article","og_title":"Spring Program 2020 - EESTI JAZZLIIT","og_description":"January 10 January Endla Jazz Club, P\u00e4rnu Lembe Lokk More information Tickets on site 17 January Jazz Club Philly Joe&#8217;s, Tallinn Lembe Lokk More information Tickets from Ticketer 18 January Jazz Time Club, Sillam\u00e4e Elina Hokkanen Band More information Tickets on site 23 January T\u00fcri Culture Centre, T\u00fcri \u00d6\u00f6T\u00f6\u00d6 More information Tickets 30 January Jazzclub [&hellip;]","og_url":"https:\/\/www.jazz.ee\/en\/live-jazz\/spring-program-2020\/","og_site_name":"EESTI JAZZLIIT","article_publisher":"https:\/\/www.facebook.com\/eestijazzliit\/","article_modified_time":"2020-05-17T06:12:18+00:00","twitter_card":"summary_large_image","twitter_site":"@EstonianJazz","twitter_misc":{"Est. reading time":"3 minutes"},"schema":{"@context":"https:\/\/schema.org","@graph":[{"@type":"WebPage","@id":"https:\/\/www.jazz.ee\/en\/live-jazz\/spring-program-2020\/","url":"https:\/\/www.jazz.ee\/en\/live-jazz\/spring-program-2020\/","name":"Spring Program 2020 - EESTI JAZZLIIT","isPartOf":{"@id":"https:\/\/www.jazz.ee\/en\/#website"},"datePublished":"2020-01-22T18:45:31+00:00","dateModified":"2020-05-17T06:12:18+00:00","breadcrumb":{"@id":"https:\/\/www.jazz.ee\/en\/live-jazz\/spring-program-2020\/#breadcrumb"},"inLanguage":"en-US","potentialAction":[{"@type":"ReadAction","target":["https:\/\/www.jazz.ee\/en\/live-jazz\/spring-program-2020\/"]}]},{"@type":"BreadcrumbList","@id":"https:\/\/www.jazz.ee\/en\/live-jazz\/spring-program-2020\/#breadcrumb","itemListElement":[{"@type":"ListItem","position":1,"name":"Home","item":"https:\/\/www.jazz.ee\/en\/"},{"@type":"ListItem","position":2,"name":"LIVE JAZZ","item":"https:\/\/www.jazz.ee\/en\/live-jazz\/"},{"@type":"ListItem","position":3,"name":"Spring Program 2020"}]},{"@type":"WebSite","@id":"https:\/\/www.jazz.ee\/en\/#website","url":"https:\/\/www.jazz.ee\/en\/","name":"EESTI JAZZLIIT","description":"","publisher":{"@id":"https:\/\/www.jazz.ee\/en\/#organization"},"potentialAction":[{"@type":"SearchAction","target":{"@type":"EntryPoint","urlTemplate":"https:\/\/www.jazz.ee\/en\/?s={search_term_string}"},"query-input":{"@type":"PropertyValueSpecification","valueRequired":true,"valueName":"search_term_string"}}],"inLanguage":"en-US"},{"@type":"Organization","@id":"https:\/\/www.jazz.ee\/en\/#organization","name":"EESTI JAZZLIIT","url":"https:\/\/www.jazz.ee\/en\/","logo":{"@type":"ImageObject","inLanguage":"en-US","@id":"https:\/\/www.jazz.ee\/en\/#\/schema\/logo\/image\/","url":"https:\/\/www.jazz.ee\/wp-content\/uploads\/2023\/02\/site_logo_est.png","contentUrl":"https:\/\/www.jazz.ee\/wp-content\/uploads\/2023\/02\/site_logo_est.png","width":300,"height":150,"caption":"EESTI JAZZLIIT"},"image":{"@id":"https:\/\/www.jazz.ee\/en\/#\/schema\/logo\/image\/"},"sameAs":["https:\/\/www.facebook.com\/eestijazzliit\/","https:\/\/x.com\/EstonianJazz","https:\/\/www.instagram.com\/estonianjazz\/"]}]}},"_links":{"self":[{"href":"https:\/\/www.jazz.ee\/en\/wp-json\/wp\/v2\/pages\/8748\/"}],"collection":[{"href":"https:\/\/www.jazz.ee\/en\/wp-json\/wp\/v2\/pages\/"}],"about":[{"href":"https:\/\/www.jazz.ee\/en\/wp-json\/wp\/v2\/types\/page\/"}],"author":[{"embeddable":true,"href":"https:\/\/www.jazz.ee\/en\/wp-json\/wp\/v2\/users\/8\/"}],"replies":[{"embeddable":true,"href":"https:\/\/www.jazz.ee\/en\/wp-json\/wp\/v2\/comments\/?post=8748"}],"version-history":[{"count":5,"href":"https:\/\/www.jazz.ee\/en\/wp-json\/wp\/v2\/pages\/8748\/revisions\/"}],"predecessor-version":[{"id":9294,"href":"https:\/\/www.jazz.ee\/en\/wp-json\/wp\/v2\/pages\/8748\/revisions\/9294\/"}],"up":[{"embeddable":true,"href":"https:\/\/www.jazz.ee\/en\/wp-json\/wp\/v2\/pages\/4095\/"}],"wp:attachment":[{"href":"https:\/\/www.jazz.ee\/en\/wp-json\/wp\/v2\/media\/?parent=8748"}],"curies":[{"name":"wp","href":"https:\/\/api.w.org\/{rel}","templated":true}]}}